{"id":182,"date":"2024-03-21T15:08:53","date_gmt":"2024-03-21T15:08:53","guid":{"rendered":"https:\/\/sustentandoforsyth.org\/inicio\/"},"modified":"2025-02-05T05:25:54","modified_gmt":"2025-02-05T05:25:54","slug":"inicio","status":"publish","type":"page","link":"https:\/\/sustentandoforsyth.org\/es\/","title":{"rendered":"Inicio"},"content":{"rendered":"<p>[et_pb_section fb_built=\u00bb1&#8243; _builder_version=\u00bb4.24.2&#8243; _module_preset=\u00bbdefault\u00bb background_image=\u00bbhttps:\/\/sustentandoforsyth.org\/wp-content\/uploads\/2024\/04\/Screenshot-2024-04-25-at-11.25.11-AM.png\u00bb custom_padding=\u00bb||||false|false\u00bb global_colors_info=\u00bb{}\u00bb][et_pb_row column_structure=\u00bb3_5,2_5&#8243; _builder_version=\u00bb4.24.2&#8243; _module_preset=\u00bbdefault\u00bb module_alignment=\u00bbcenter\u00bb custom_padding=\u00bb||||false|false\u00bb global_colors_info=\u00bb{}\u00bb][et_pb_column type=\u00bb3_5&#8243; _builder_version=\u00bb4.24.2&#8243; _module_preset=\u00bbdefault\u00bb background_color=\u00bbrgba(255,255,255,0.68)\u00bb global_colors_info=\u00bb{}\u00bb][et_pb_text _builder_version=\u00bb4.24.2&#8243; _module_preset=\u00bbdefault\u00bb text_font=\u00bbPoppins||||||||\u00bb text_font_size=\u00bb24px\u00bb header_font=\u00bb|800|||||||\u00bb header_text_color=\u00bb#26246d\u00bb header_font_size=\u00bb60px\u00bb custom_margin=\u00bb35px|||42px|false|false\u00bb custom_padding=\u00bb||||false|false\u00bb global_colors_info=\u00bb{}\u00bb]<\/p>\n<h1><span class=\"OYPEnA text-decoration-none text-strikethrough-none\">Sustentando la Comunidad de Forsyth<\/span><\/h1>\n<p>[\/et_pb_text][et_pb_text _builder_version=\u00bb4.24.2&#8243; _module_preset=\u00bbdefault\u00bb text_font=\u00bb||on||||||\u00bb text_text_color=\u00bb#26246D\u00bb text_font_size=\u00bb18px\u00bb custom_margin=\u00bb|||39px|false|false\u00bb global_colors_info=\u00bb{}\u00bb]<\/p>\n<p>El ABC de las ACE<\/p>\n<p>[\/et_pb_text][et_pb_button button_url=\u00bbhttps:\/\/sustentandoforsyth.org\/wp-content\/uploads\/2025\/02\/Nourish-Forsyth-ACEs-Latine-Report-2025-f.pdf\u00bb url_new_window=\u00bbon\u00bb button_text=\u00bbDescargar el Informe en ingl\u00e9s\u00bb button_alignment=\u00bbleft\u00bb _builder_version=\u00bb4.27.4&#8243; _module_preset=\u00bbdefault\u00bb custom_button=\u00bbon\u00bb button_text_size=\u00bb20px\u00bb button_text_color=\u00bb#FFFFFF\u00bb button_bg_color=\u00bb#7fbe4b\u00bb button_border_width=\u00bb0px\u00bb button_border_color=\u00bb#ff8c06&#8243; button_letter_spacing=\u00bb0px\u00bb button_font=\u00bbPoppins||||||||\u00bb button_use_icon=\u00bboff\u00bb custom_margin=\u00bb||20px|39px||\u00bb locked=\u00bboff\u00bb global_colors_info=\u00bb{}\u00bb][\/et_pb_button][et_pb_button button_url=\u00bbhttps:\/\/sustentandoforsyth.org\/wp-content\/uploads\/2025\/02\/Sustentando-Forsyth-Latine-2-Ed.-2.4.2025.pdf\u00bb url_new_window=\u00bbon\u00bb button_text=\u00bbDescargar el Informe en espa\u00f1ol\u00bb button_alignment=\u00bbleft\u00bb _builder_version=\u00bb4.27.4&#8243; _module_preset=\u00bbdefault\u00bb custom_button=\u00bbon\u00bb button_text_size=\u00bb20px\u00bb button_text_color=\u00bb#FFFFFF\u00bb button_bg_color=\u00bb#7fbe4b\u00bb button_border_width=\u00bb0px\u00bb button_border_color=\u00bb#ff8c06&#8243; button_letter_spacing=\u00bb0px\u00bb button_font=\u00bbPoppins||||||||\u00bb button_use_icon=\u00bboff\u00bb custom_margin=\u00bb||50px|39px|false|false\u00bb locked=\u00bboff\u00bb global_colors_info=\u00bb{}\u00bb][\/et_pb_button][\/et_pb_column][et_pb_column type=\u00bb2_5&#8243; _builder_version=\u00bb4.21.0&#8243; _module_preset=\u00bbdefault\u00bb global_colors_info=\u00bb{}\u00bb][\/et_pb_column][\/et_pb_row][\/et_pb_section][et_pb_section fb_built=\u00bb1&#8243; _builder_version=\u00bb4.24.2&#8243; _module_preset=\u00bbdefault\u00bb background_image=\u00bbhttps:\/\/sustentandoforsyth.org\/wp-content\/uploads\/2024\/04\/1-910e0e2e-52a1-4e94-88e9-72f589c9ae13-824&#215;512.jpg\u00bb parallax=\u00bbon\u00bb background_enable_pattern_style=\u00bbon\u00bb background_pattern_style=\u00bbtriangles\u00bb background_pattern_color=\u00bbrgba(255,255,255,0.12)\u00bb custom_padding=\u00bb1px||0px|||\u00bb custom_css_free_form=\u00bb.selector {||  height: 10px;||}\u00bb global_colors_info=\u00bb{}\u00bb][\/et_pb_section][et_pb_section fb_built=\u00bb1&#8243; _builder_version=\u00bb4.23.1&#8243; _module_preset=\u00bbdefault\u00bb min_height=\u00bb593px\u00bb global_colors_info=\u00bb{}\u00bb][et_pb_row _builder_version=\u00bb4.24.2&#8243; _module_preset=\u00bbdefault\u00bb custom_margin=\u00bb|auto|23px|auto|false|false\u00bb locked=\u00bboff\u00bb global_colors_info=\u00bb{}\u00bb][et_pb_column type=\u00bb4_4&#8243; _builder_version=\u00bb4.23.1&#8243; _module_preset=\u00bbdefault\u00bb global_colors_info=\u00bb{}\u00bb][et_pb_text _builder_version=\u00bb4.24.2&#8243; _module_preset=\u00bbdefault\u00bb text_font=\u00bbPoppins||||||||\u00bb text_font_size=\u00bb18px\u00bb text_line_height=\u00bb1.8em\u00bb global_colors_info=\u00bb{}\u00bb]<\/p>\n<p><span style=\"font-weight: 400;\">Sustentando Forsyth (Nourishing Forsyth) es un proyecto dirigido por la comunidad encargado de comprender lo que la comunidad latina del condado de Forsyth, Carolina del Norte, sabe sobre las Experiencias Adversas en la Infancia (ECA) y su impacto en la edad adulta.<\/span><\/p>\n<p>[\/et_pb_text][et_pb_text _builder_version=\u00bb4.24.2&#8243; _module_preset=\u00bbdefault\u00bb text_font=\u00bbPoppins||||||||\u00bb text_font_size=\u00bb18px\u00bb text_line_height=\u00bb1.8em\u00bb header_font=\u00bb|700|||||||\u00bb header_text_color=\u00bb#7FBE4B\u00bb custom_margin=\u00bb58px||||false|false\u00bb global_colors_info=\u00bb{}\u00bb]<\/p>\n<h1><span style=\"font-weight: 400;\">\u00bfQu\u00e9 son las ACE y qu\u00e9 significan para m\u00ed?<\/span><\/h1>\n<p>[\/et_pb_text][et_pb_text _builder_version=\u00bb4.24.2&#8243; _module_preset=\u00bbdefault\u00bb text_font=\u00bbPoppins||||||||\u00bb text_font_size=\u00bb18px\u00bb text_line_height=\u00bb1.8em\u00bb global_colors_info=\u00bb{}\u00bb]<\/p>\n<p><span style=\"font-weight: 400;\">Las Experiencias Infantiles Adversas -tambi\u00e9n conocidas como ACE- pueden afectar a tu salud y a la de tu familia. Las ACE afectan a todas las comunidades. De hecho, dos tercios de nosotros hemos tenido al menos una ECA. Las ACE son acontecimientos que ocurren durante la infancia y que pueden causar altos niveles de estr\u00e9s en tu cuerpo y en tu cerebro. Ese estr\u00e9s se considera \u00abt\u00f3xico\u00bb y puede tener efectos sobre la salud de por vida si no se reconoce y trata.<\/span><\/p>\n<p>[\/et_pb_text][\/et_pb_column][\/et_pb_row][et_pb_row _builder_version=\u00bb4.23.1&#8243; _module_preset=\u00bbdefault\u00bb custom_padding=\u00bb24px|||||\u00bb locked=\u00bboff\u00bb global_colors_info=\u00bb{}\u00bb][et_pb_column type=\u00bb4_4&#8243; _builder_version=\u00bb4.23.1&#8243; _module_preset=\u00bbdefault\u00bb global_colors_info=\u00bb{}\u00bb][et_pb_text _builder_version=\u00bb4.24.2&#8243; _module_preset=\u00bbdefault\u00bb text_font=\u00bbPoppins||||||||\u00bb text_font_size=\u00bb18px\u00bb text_line_height=\u00bb1.8em\u00bb header_font=\u00bb|700|||||||\u00bb header_text_color=\u00bb#7FBE4B\u00bb custom_margin=\u00bb-1px||||false|false\u00bb global_colors_info=\u00bb{}\u00bb]<\/p>\n<h1><span style=\"font-weight: 400;\">Nuestros colaboradores<\/span><\/h1>\n<p>[\/et_pb_text][\/et_pb_column][\/et_pb_row][et_pb_row column_structure=\u00bb1_5,1_5,1_5,1_5,1_5&#8243; use_custom_gutter=\u00bbon\u00bb gutter_width=\u00bb2&#8243; _builder_version=\u00bb4.24.2&#8243; _module_preset=\u00bbdefault\u00bb background_color=\u00bb#FFFFFF\u00bb custom_margin=\u00bb-6px|auto|4px|auto|false|false\u00bb custom_padding=\u00bb0px||||false|true\u00bb custom_css_free_form=\u00bb.selector {||  display: flex;||  align-items: center;||}\u00bb locked=\u00bboff\u00bb global_colors_info=\u00bb{}\u00bb][et_pb_column type=\u00bb1_5&#8243; _builder_version=\u00bb4.24.2&#8243; _module_preset=\u00bbdefault\u00bb background_color=\u00bbRGBA(255,255,255,0)\u00bb custom_padding=\u00bb||9px||false|false\u00bb global_colors_info=\u00bb{}\u00bb][et_pb_image src=\u00bbhttps:\/\/sustentandoforsyth.org\/wp-content\/uploads\/2024\/04\/a4e.png\u00bb alt=\u00bbLogotipo de Action4Equity\u00bb title_text=\u00bba4e\u00bb url=\u00bbhttps:\/\/www.action4equityws.org\/\u00bb url_new_window=\u00bbon\u00bb align=\u00bbcenter\u00bb _builder_version=\u00bb4.24.2&#8243; _module_preset=\u00bbdefault\u00bb filter_saturate=\u00bb0%\u00bb global_colors_info=\u00bb{}\u00bb][\/et_pb_image][\/et_pb_column][et_pb_column type=\u00bb1_5&#8243; _builder_version=\u00bb4.24.2&#8243; _module_preset=\u00bbdefault\u00bb background_enable_color=\u00bboff\u00bb custom_padding=\u00bb||9px||false|false\u00bb global_colors_info=\u00bb{}\u00bb][et_pb_image src=\u00bbhttps:\/\/sustentandoforsyth.org\/wp-content\/uploads\/2024\/04\/ctrc.png\u00bb alt=\u00bbLogotipo del Centro para Comunidades Resistentes al Trauma\u00bb title_text=\u00bbctrc\u00bb url=\u00bbhttps:\/\/www.crossnore.org\/center-for-trauma-resilient-communities\/\u00bb url_new_window=\u00bbon\u00bb align=\u00bbcenter\u00bb _builder_version=\u00bb4.24.2&#8243; _module_preset=\u00bbdefault\u00bb filter_saturate=\u00bb0%\u00bb global_colors_info=\u00bb{}\u00bb][\/et_pb_image][\/et_pb_column][et_pb_column type=\u00bb1_5&#8243; _builder_version=\u00bb4.24.2&#8243; _module_preset=\u00bbdefault\u00bb background_enable_color=\u00bboff\u00bb custom_padding=\u00bb||9px||false|false\u00bb global_colors_info=\u00bb{}\u00bb][et_pb_image src=\u00bbhttps:\/\/sustentandoforsyth.org\/wp-content\/uploads\/2024\/04\/fcae.jpg\u00bb alt=\u00bbLogotipo de la Asociaci\u00f3n de Educadores del Condado de Forsyth\u00bb title_text=\u00bbfcae\u00bb url=\u00bbhttps:\/\/www.fcaenc.com\/\u00bb url_new_window=\u00bbon\u00bb align=\u00bbcenter\u00bb _builder_version=\u00bb4.24.2&#8243; _module_preset=\u00bbdefault\u00bb filter_saturate=\u00bb0%\u00bb global_colors_info=\u00bb{}\u00bb][\/et_pb_image][\/et_pb_column][et_pb_column type=\u00bb1_5&#8243; _builder_version=\u00bb4.24.2&#8243; _module_preset=\u00bbdefault\u00bb background_enable_color=\u00bboff\u00bb custom_padding=\u00bb||9px||false|false\u00bb global_colors_info=\u00bb{}\u00bb][et_pb_image src=\u00bbhttps:\/\/sustentandoforsyth.org\/wp-content\/uploads\/2024\/04\/kijiji.png\u00bb alt=\u00bbNuestro logotipo Kijiji\u00bb title_text=\u00bbkijiji\u00bb url=\u00bbhttps:\/\/www.ourkijiji.org\/\u00bb url_new_window=\u00bbon\u00bb align=\u00bbcenter\u00bb _builder_version=\u00bb4.24.2&#8243; _module_preset=\u00bbdefault\u00bb filter_saturate=\u00bb0%\u00bb global_colors_info=\u00bb{}\u00bb][\/et_pb_image][\/et_pb_column][et_pb_column type=\u00bb1_5&#8243; _builder_version=\u00bb4.24.2&#8243; _module_preset=\u00bbdefault\u00bb background_enable_color=\u00bboff\u00bb custom_padding=\u00bb||9px||false|false\u00bb global_colors_info=\u00bb{}\u00bb][et_pb_image src=\u00bbhttps:\/\/sustentandoforsyth.org\/wp-content\/uploads\/2024\/04\/lol.png\u00bb alt=\u00bbLogotipo de Love Out Loud\u00bb title_text=\u00bblol\u00bb url=\u00bbhttps:\/\/www.loveoutloudws.com\/\u00bb url_new_window=\u00bbon\u00bb align=\u00bbcenter\u00bb _builder_version=\u00bb4.24.2&#8243; _module_preset=\u00bbdefault\u00bb filter_saturate=\u00bb0%\u00bb global_colors_info=\u00bb{}\u00bb][\/et_pb_image][\/et_pb_column][\/et_pb_row][\/et_pb_section][et_pb_section fb_built=\u00bb1&#8243; _builder_version=\u00bb4.24.2&#8243; _module_preset=\u00bbdefault\u00bb background_image=\u00bbhttps:\/\/sustentandoforsyth.org\/wp-content\/uploads\/2024\/06\/mr.tito_25839_photorealistic_hispaniclatinx_teen_boys_mid-dista_648e0b79-ffd6-4d38-a7ae-fff22225f464.png\u00bb custom_padding=\u00bb||||false|false\u00bb global_colors_info=\u00bb{}\u00bb][et_pb_row column_structure=\u00bb3_5,2_5&#8243; _builder_version=\u00bb4.24.2&#8243; _module_preset=\u00bbdefault\u00bb module_alignment=\u00bbcenter\u00bb custom_padding=\u00bb||||false|false\u00bb global_colors_info=\u00bb{}\u00bb][et_pb_column type=\u00bb3_5&#8243; _builder_version=\u00bb4.24.2&#8243; _module_preset=\u00bbdefault\u00bb background_color=\u00bbRGBA(255,255,255,0)\u00bb global_colors_info=\u00bb{}\u00bb][et_pb_text _builder_version=\u00bb4.24.2&#8243; _module_preset=\u00bbdefault\u00bb text_font=\u00bbPoppins||||||||\u00bb text_font_size=\u00bb24px\u00bb header_font=\u00bb|800|||||||\u00bb header_text_color=\u00bb#FFFFFF\u00bb header_font_size=\u00bb60px\u00bb custom_margin=\u00bb35px|||42px|false|false\u00bb custom_padding=\u00bb||37px||false|false\u00bb global_colors_info=\u00bb{}\u00bb]<\/p>\n<h1 style=\"text-align: left;\"><span class=\"OYPEnA text-decoration-none text-strikethrough-none\">Investigaci\u00f3n comunitaria<\/span><\/h1>\n<p>[\/et_pb_text][\/et_pb_column][et_pb_column type=\u00bb2_5&#8243; _builder_version=\u00bb4.21.0&#8243; _module_preset=\u00bbdefault\u00bb global_colors_info=\u00bb{}\u00bb][\/et_pb_column][\/et_pb_row][\/et_pb_section][et_pb_section fb_built=\u00bb1&#8243; _builder_version=\u00bb4.24.2&#8243; _module_preset=\u00bbdefault\u00bb background_image=\u00bbhttps:\/\/sustentandoforsyth.org\/wp-content\/uploads\/2024\/04\/1-910e0e2e-52a1-4e94-88e9-72f589c9ae13-824&#215;512.jpg\u00bb parallax=\u00bbon\u00bb background_enable_pattern_style=\u00bbon\u00bb background_pattern_style=\u00bbtriangles\u00bb background_pattern_color=\u00bbrgba(255,255,255,0.12)\u00bb custom_padding=\u00bb1px||0px|||\u00bb custom_css_free_form=\u00bb.selector {||  height: 10px;||}\u00bb global_colors_info=\u00bb{}\u00bb][\/et_pb_section][et_pb_section fb_built=\u00bb1&#8243; _builder_version=\u00bb4.21.0&#8243; _module_preset=\u00bbdefault\u00bb custom_padding=\u00bb0px|||||\u00bb global_colors_info=\u00bb{}\u00bb][et_pb_row _builder_version=\u00bb4.21.0&#8243; _module_preset=\u00bbdefault\u00bb min_height=\u00bb262px\u00bb global_colors_info=\u00bb{}\u00bb][et_pb_column type=\u00bb4_4&#8243; _builder_version=\u00bb4.21.0&#8243; _module_preset=\u00bbdefault\u00bb global_colors_info=\u00bb{}\u00bb][et_pb_text _builder_version=\u00bb4.24.2&#8243; _module_preset=\u00bbdefault\u00bb text_font=\u00bbPoppins||||||||\u00bb text_font_size=\u00bb18px\u00bb text_line_height=\u00bb1.8em\u00bb custom_margin=\u00bb40px|||||\u00bb custom_padding=\u00bb25px||||false|false\u00bb global_colors_info=\u00bb{}\u00bb]<\/p>\n<p><span style=\"font-weight: 400;\">La investigaci\u00f3n de Nourishing Forsyth sobre las Experiencias Infantiles Adversas (ECA) en la comunidad hispana\/latina se centra en evaluar la concienciaci\u00f3n de la comunidad y el impacto a largo plazo de las ECA. Esta iniciativa incluye una encuesta comunitaria a los residentes latinos del condado de Forsyth. Se pregunt\u00f3 a los participantes sobre sus experiencias infantiles, incluidos los abusos f\u00edsicos, emocionales y sexuales, para ayudar a adaptar los programas de apoyo y defensa de la comunidad. Se protegi\u00f3 la confidencialidad de los participantes y se les compens\u00f3 por su participaci\u00f3n. Este trabajo informar\u00e1 la programaci\u00f3n local y mejorar\u00e1 los esfuerzos m\u00e1s amplios de educaci\u00f3n y defensa de la ECA dentro de la comunidad.<\/span><\/p>\n<p>[\/et_pb_text][et_pb_text _builder_version=\u00bb4.24.2&#8243; _module_preset=\u00bbdefault\u00bb text_font=\u00bbPoppins||||||||\u00bb text_font_size=\u00bb18px\u00bb text_line_height=\u00bb1.8em\u00bb header_font=\u00bb|700|||||||\u00bb header_text_color=\u00bb#7FBE4B\u00bb custom_margin=\u00bb72px||||false|false\u00bb global_colors_info=\u00bb{}\u00bb]<\/p>\n<h1><span style=\"font-weight: 400;\">Nuestros investigadores<\/span><\/h1>\n<p>[\/et_pb_text][\/et_pb_column][\/et_pb_row][et_pb_row column_structure=\u00bb1_3,2_3&#8243; _builder_version=\u00bb4.21.0&#8243; _module_preset=\u00bbdefault\u00bb global_colors_info=\u00bb{}\u00bb][et_pb_column type=\u00bb1_3&#8243; _builder_version=\u00bb4.21.0&#8243; _module_preset=\u00bbdefault\u00bb global_colors_info=\u00bb{}\u00bb][et_pb_image src=\u00bbhttps:\/\/sustentandoforsyth.org\/wp-content\/uploads\/2024\/04\/Screenshot-2024-04-25-at-3.26.00-PM.png\u00bb alt=\u00bbFoto de Maggie Zarate\u00bb title_text=\u00bbCaptura de pantalla 2024-04-25 a las 15.26.00&#8243; _builder_version=\u00bb4.24.2&#8243; _module_preset=\u00bbdefault\u00bb filter_brightness=\u00bb200%\u00bb filter_sepia=\u00bb100%\u00bb border_radii=\u00bbon|366px|366px|366px|366px\u00bb global_colors_info=\u00bb{}\u00bb][\/et_pb_image][et_pb_text _builder_version=\u00bb4.27.4&#8243; _module_preset=\u00bbdefault\u00bb text_font=\u00bbPoppins||||||||\u00bb text_text_color=\u00bb#7fbe4b\u00bb text_font_size=\u00bb26px\u00bb text_line_height=\u00bb1em\u00bb global_colors_info=\u00bb{}\u00bb]<\/p>\n<p style=\"text-align: center;\"><strong>Maggie Z\u00e1rate<\/strong><\/p>\n<p style=\"text-align: center;\"><strong>Coordinadora de Proyectos<\/strong><\/p>\n<p>[\/et_pb_text][\/et_pb_column][et_pb_column type=\u00bb2_3&#8243; _builder_version=\u00bb4.21.0&#8243; _module_preset=\u00bbdefault\u00bb global_colors_info=\u00bb{}\u00bb][et_pb_text _builder_version=\u00bb4.24.2&#8243; _module_preset=\u00bbdefault\u00bb text_font=\u00bbPoppins||||||||\u00bb text_font_size=\u00bb16px\u00bb text_line_height=\u00bb1.4em\u00bb global_colors_info=\u00bb{}\u00bb]<\/p>\n<p><strong>Como coordinadora de proyectos de investigaci\u00f3n comunitaria, \u00bfpor qu\u00e9 crees que la investigaci\u00f3n comunitaria es tan importante?<\/strong><\/p>\n<p><span style=\"font-weight: 400;\">Como Coordinadora de Proyectos en Investigaci\u00f3n Comunitaria, creo que la investigaci\u00f3n comunitaria es muy importante porque a trav\u00e9s de ella podemos implicar a nuestra comunidad, establecer relaciones y tomar conciencia de las necesidades de nuestra comunidad. La investigaci\u00f3n comunitaria nos ayuda a educar y abogar por recursos y programas para poder apoyarnos mutuamente.<\/span><\/p>\n<p><strong>\u00bfQu\u00e9 impacto esperas que tenga este proyecto en la comunidad?<\/strong><\/p>\n<p><span style=\"font-weight: 400;\">El impacto que espero que tenga este proyecto en la comunidad es poder educar, apoyar, defender y proporcionar recursos en nuestra comunidad que sean accesibles a nuestra comunidad latina. Espero que el impacto de este proyecto nos ayude a unirnos como uno solo, a romper maldiciones generacionales y a apoyarnos mutuamente. \u00abSomos el cambio que buscamos\u00bb<br \/><\/span><\/p>\n<p>[\/et_pb_text][\/et_pb_column][\/et_pb_row][et_pb_row column_structure=\u00bb1_3,2_3&#8243; _builder_version=\u00bb4.21.0&#8243; _module_preset=\u00bbdefault\u00bb custom_margin=\u00bb40px|auto||auto||\u00bb global_colors_info=\u00bb{}\u00bb][et_pb_column type=\u00bb1_3&#8243; _builder_version=\u00bb4.21.0&#8243; _module_preset=\u00bbdefault\u00bb global_colors_info=\u00bb{}\u00bb][et_pb_image src=\u00bbhttps:\/\/sustentandoforsyth.org\/wp-content\/uploads\/2024\/04\/Screenshot-2024-04-25-at-3.31.21-PM.png\u00bb alt=\u00bbFoto de Adaly Zarate  \u00bb title_text=\u00bbCaptura de pantalla 2024-04-25 a las 3.31.21 PM\u00bb _builder_version=\u00bb4.24.2&#8243; _module_preset=\u00bbdefault\u00bb filter_brightness=\u00bb75%\u00bb filter_sepia=\u00bb100%\u00bb border_radii=\u00bbon|366px|366px|366px|366px\u00bb global_colors_info=\u00bb{}\u00bb][\/et_pb_image][et_pb_text _builder_version=\u00bb4.27.4&#8243; _module_preset=\u00bbdefault\u00bb text_font=\u00bbPoppins||||||||\u00bb text_text_color=\u00bb#7fbe4b\u00bb text_font_size=\u00bb26px\u00bb text_line_height=\u00bb1em\u00bb global_colors_info=\u00bb{}\u00bb]<\/p>\n<p style=\"text-align: center;\"><strong>Adaly Z\u00e1rate<\/strong><\/p>\n<p style=\"text-align: center;\"><strong>Investigadora comunitaria<\/strong><\/p>\n<p>[\/et_pb_text][\/et_pb_column][et_pb_column type=\u00bb2_3&#8243; _builder_version=\u00bb4.21.0&#8243; _module_preset=\u00bbdefault\u00bb global_colors_info=\u00bb{}\u00bb][et_pb_text _builder_version=\u00bb4.24.2&#8243; _module_preset=\u00bbdefault\u00bb text_font=\u00bbPoppins||||||||\u00bb text_font_size=\u00bb16px\u00bb text_line_height=\u00bb1.4em\u00bb global_colors_info=\u00bb{}\u00bb]<\/p>\n<p><strong>Como investigador comunitario, \u00bfpor qu\u00e9 crees que la investigaci\u00f3n comunitaria es tan importante?<\/strong><\/p>\n<p><span style=\"font-weight: 400;\">Como investigadora comunitaria, creo que la investigaci\u00f3n comunitaria es importante porque proporciona informaci\u00f3n que se utiliza para ayudar mejor a nuestra comunidad.<\/span><\/p>\n<p><strong>\u00bfQu\u00e9 impacto esperas que tenga este proyecto en la comunidad?<\/strong><\/p>\n<p><span style=\"font-weight: 400;\">El impacto que espero que tenga este proyecto en la comunidad es que este proyecto proporcione m\u00e1s ayuda donde se necesita y ayude a la comunidad a ser m\u00e1s consciente sobre ACES.  <\/span><\/p>\n<p>[\/et_pb_text][\/et_pb_column][\/et_pb_row][et_pb_row column_structure=\u00bb1_3,2_3&#8243; _builder_version=\u00bb4.21.0&#8243; _module_preset=\u00bbdefault\u00bb custom_margin=\u00bb40px|auto||auto||\u00bb global_colors_info=\u00bb{}\u00bb][et_pb_column type=\u00bb1_3&#8243; _builder_version=\u00bb4.21.0&#8243; _module_preset=\u00bbdefault\u00bb global_colors_info=\u00bb{}\u00bb][et_pb_image src=\u00bbhttps:\/\/sustentandoforsyth.org\/wp-content\/uploads\/2024\/04\/Screenshot-2024-04-25-at-3.34.10-PM.png\u00bb alt=\u00bbFoto de Barvara Jazmin Toscano Toribio\u00bb title_text=\u00bbCaptura de pantalla 2024-04-25 a las 15.34.10&#8243; _builder_version=\u00bb4.24.2&#8243; _module_preset=\u00bbdefault\u00bb filter_brightness=\u00bb95%\u00bb filter_sepia=\u00bb100%\u00bb border_radii=\u00bbon|366px|366px|366px|366px\u00bb global_colors_info=\u00bb{}\u00bb][\/et_pb_image][et_pb_text _builder_version=\u00bb4.27.4&#8243; _module_preset=\u00bbdefault\u00bb text_font=\u00bbPoppins||||||||\u00bb text_text_color=\u00bb#7fbe4b\u00bb text_font_size=\u00bb26px\u00bb text_line_height=\u00bb1em\u00bb global_colors_info=\u00bb{}\u00bb]<\/p>\n<p style=\"text-align: center;\"><strong>En memoria de<\/strong><\/p>\n<p style=\"text-align: center;\"><strong>Barvara Jazmin Toscano Toribio<\/strong><\/p>\n<p style=\"text-align: center;\"><strong>Viva Barbie \u2665<\/strong><\/p>\n<p style=\"text-align: center;\"><strong>12\/04\/1998-03\/10\/2024<\/strong><\/p>\n<p style=\"text-align: center;\"><strong>Investigadora comunitaria<\/strong><\/p>\n<p>[\/et_pb_text][\/et_pb_column][et_pb_column type=\u00bb2_3&#8243; _builder_version=\u00bb4.21.0&#8243; _module_preset=\u00bbdefault\u00bb global_colors_info=\u00bb{}\u00bb][et_pb_text _builder_version=\u00bb4.24.2&#8243; _module_preset=\u00bbdefault\u00bb text_font=\u00bbPoppins||||||||\u00bb text_font_size=\u00bb16px\u00bb text_line_height=\u00bb1.4em\u00bb global_colors_info=\u00bb{}\u00bb]<\/p>\n<p><strong>Como investigador comunitario, \u00bfpor qu\u00e9 crees que la investigaci\u00f3n comunitaria es tan importante?<\/strong><\/p>\n<p><span style=\"font-weight: 400;\">La investigaci\u00f3n es importante porque, aunque creamos saberlo todo sobre un tema, siempre hay algo m\u00e1s que aprender. Nos ayuda a comprender los problemas y necesidades que afectan a las comunidades y a partir de ah\u00ed podemos crear recursos. La investigaci\u00f3n nos ayuda a ampliar los conocimientos previos sobre el tema.<\/span><\/p>\n<p><strong>\u00bfQu\u00e9 impacto esperas que tenga este proyecto en la comunidad?<\/strong><\/p>\n<p><span style=\"font-weight: 400;\">Espero que seamos capaces de crear asesoramiento de bajo coste o gratuito para cualquier tipo de abuso. Un lugar seguro\/para concienciar. Disminuye los riesgos de depresi\u00f3n, ansiedad, etc. En la comunidad hispana. Espero que eduque a la comunidad para prevenir el estr\u00e9s t\u00f3xico en el futuro.  <\/span><\/p>\n<p>[\/et_pb_text][\/et_pb_column][\/et_pb_row][et_pb_row column_structure=\u00bb1_3,2_3&#8243; _builder_version=\u00bb4.21.0&#8243; _module_preset=\u00bbdefault\u00bb custom_margin=\u00bb40px|auto||auto||\u00bb global_colors_info=\u00bb{}\u00bb][et_pb_column type=\u00bb1_3&#8243; _builder_version=\u00bb4.21.0&#8243; _module_preset=\u00bbdefault\u00bb global_colors_info=\u00bb{}\u00bb][et_pb_image src=\u00bbhttps:\/\/sustentandoforsyth.org\/wp-content\/uploads\/2024\/04\/Screenshot-2024-04-25-at-3.41.41-PM.png\u00bb alt=\u00bbFoto de Daniel Sostaita\u00bb title_text=\u00bbCaptura de pantalla 2024-04-25 a las 15.41.41&#8243; _builder_version=\u00bb4.24.2&#8243; _module_preset=\u00bbdefault\u00bb filter_brightness=\u00bb95%\u00bb filter_sepia=\u00bb100%\u00bb border_radii=\u00bbon|366px|366px|366px|366px\u00bb global_colors_info=\u00bb{}\u00bb][\/et_pb_image][et_pb_text _builder_version=\u00bb4.27.4&#8243; _module_preset=\u00bbdefault\u00bb text_font=\u00bbPoppins||||||||\u00bb text_text_color=\u00bb#7fbe4b\u00bb text_font_size=\u00bb26px\u00bb text_line_height=\u00bb1em\u00bb global_colors_info=\u00bb{}\u00bb]<\/p>\n<p style=\"text-align: center;\"><strong>Daniel Sostaita<\/strong><\/p>\n<p style=\"text-align: center;\"><strong>Investigadora comunitaria<\/strong><\/p>\n<p>[\/et_pb_text][\/et_pb_column][et_pb_column type=\u00bb2_3&#8243; _builder_version=\u00bb4.21.0&#8243; _module_preset=\u00bbdefault\u00bb global_colors_info=\u00bb{}\u00bb][et_pb_text _builder_version=\u00bb4.24.2&#8243; _module_preset=\u00bbdefault\u00bb text_font=\u00bbPoppins||||||||\u00bb text_font_size=\u00bb16px\u00bb text_line_height=\u00bb1.4em\u00bb global_colors_info=\u00bb{}\u00bb]<\/p>\n<p><strong>Como investigador comunitario, \u00bfpor qu\u00e9 crees que la investigaci\u00f3n comunitaria es tan importante?<\/strong><\/p>\n<p><span style=\"font-weight: 400;\">La investigaci\u00f3n, las sesiones de escucha o las encuestas son una herramienta poderosa. Debido a descubrimientos, falencias, necesidades, urgencias e inquietudes de nuestras comunidades. El resultado final, es recopilar la informaci\u00f3n y generar soluciones y recursos para la gente.<\/span><\/p>\n<p><strong>\u00bfQu\u00e9 impacto esperas que tenga este proyecto en la comunidad?<\/strong><\/p>\n<p><span style=\"font-weight: 400;\">No tengo dudas de que traer\u00e1 luz a la investigaci\u00f3n y podremos hacer un cambio trascendental en temas como la salud mental y el manejo de conflictos internos del individuo. Proporcionar recursos y ser una fuente de alivio para personas en crisis. Les envi\u00f3 un c\u00e1lido abrazo.<\/span><\/p>\n<p>[\/et_pb_text][\/et_pb_column][\/et_pb_row][et_pb_row column_structure=\u00bb1_3,2_3&#8243; _builder_version=\u00bb4.21.0&#8243; _module_preset=\u00bbdefault\u00bb custom_margin=\u00bb40px|auto||auto||\u00bb global_colors_info=\u00bb{}\u00bb][et_pb_column type=\u00bb1_3&#8243; _builder_version=\u00bb4.21.0&#8243; _module_preset=\u00bbdefault\u00bb global_colors_info=\u00bb{}\u00bb][et_pb_image src=\u00bbhttps:\/\/sustentandoforsyth.org\/wp-content\/uploads\/2024\/04\/Screenshot-2024-04-25-at-3.43.28-PM.png\u00bb alt=\u00bbfoto de Hilda Zarate Arroyo\u00bb title_text=\u00bbCaptura de pantalla 2024-04-25 a las 15.43.28&#8243; _builder_version=\u00bb4.24.2&#8243; _module_preset=\u00bbdefault\u00bb filter_brightness=\u00bb95%\u00bb filter_sepia=\u00bb100%\u00bb border_radii=\u00bbon|366px|366px|366px|366px\u00bb global_colors_info=\u00bb{}\u00bb][\/et_pb_image][et_pb_text _builder_version=\u00bb4.27.4&#8243; _module_preset=\u00bbdefault\u00bb text_font=\u00bbPoppins||||||||\u00bb text_text_color=\u00bb#7fbe4b\u00bb text_font_size=\u00bb26px\u00bb text_line_height=\u00bb1em\u00bb global_colors_info=\u00bb{}\u00bb]<\/p>\n<p style=\"text-align: center;\"><strong>Hilda Z\u00e1rate Arroyo<\/strong><\/p>\n<p style=\"text-align: center;\"><strong>Investigadora comunitaria<\/strong><\/p>\n<p>[\/et_pb_text][\/et_pb_column][et_pb_column type=\u00bb2_3&#8243; _builder_version=\u00bb4.21.0&#8243; _module_preset=\u00bbdefault\u00bb global_colors_info=\u00bb{}\u00bb][et_pb_text _builder_version=\u00bb4.24.2&#8243; _module_preset=\u00bbdefault\u00bb text_font=\u00bbPoppins||||||||\u00bb text_font_size=\u00bb16px\u00bb text_line_height=\u00bb1.4em\u00bb global_colors_info=\u00bb{}\u00bb]<\/p>\n<p><strong>Como investigador comunitario, \u00bfpor qu\u00e9 crees que la investigaci\u00f3n comunitaria es tan importante?<\/strong><\/p>\n<p><span style=\"font-weight: 400;\">Es importante porque necesitamos ser capaces de tomar conciencia de las cosas que ocurren y comprender por qu\u00e9\/c\u00f3mo. De este modo, podemos ayudar a los dem\u00e1s a tomar conciencia y conseguir que la gente reciba la ayuda que necesita.<\/span><\/p>\n<p><strong>\u00bfQu\u00e9 impacto esperas que tenga este proyecto en la comunidad?<\/strong><\/p>\n<p><span style=\"font-weight: 400;\">El impacto que espero que tenga este proyecto en mi comunidad es que la comunidad sea consciente y obtenga la ayuda que necesita. Mostrar que hay recursos que pueden ayudar y que no est\u00e1n solos.  <\/span><\/p>\n<p>[\/et_pb_text][\/et_pb_column][\/et_pb_row][et_pb_row column_structure=\u00bb1_3,2_3&#8243; _builder_version=\u00bb4.21.0&#8243; _module_preset=\u00bbdefault\u00bb custom_margin=\u00bb40px|auto||auto||\u00bb global_colors_info=\u00bb{}\u00bb][et_pb_column type=\u00bb1_3&#8243; _builder_version=\u00bb4.21.0&#8243; _module_preset=\u00bbdefault\u00bb global_colors_info=\u00bb{}\u00bb][et_pb_image src=\u00bbhttps:\/\/sustentandoforsyth.org\/wp-content\/uploads\/2024\/04\/Screenshot-2024-04-25-at-3.45.30-PM.png\u00bb alt=\u00bbfoto de Irene Tarico\u00bb title_text=\u00bbCaptura de pantalla 2024-04-25 a las 15.45.30 h\u00bb _builder_version=\u00bb4.24.2&#8243; _module_preset=\u00bbdefault\u00bb filter_sepia=\u00bb100%\u00bb border_radii=\u00bbon|366px|366px|366px|366px\u00bb global_colors_info=\u00bb{}\u00bb][\/et_pb_image][et_pb_text _builder_version=\u00bb4.27.4&#8243; _module_preset=\u00bbdefault\u00bb text_font=\u00bbPoppins||||||||\u00bb text_text_color=\u00bb#7fbe4b\u00bb text_font_size=\u00bb26px\u00bb text_line_height=\u00bb1em\u00bb global_colors_info=\u00bb{}\u00bb]<\/p>\n<p style=\"text-align: center;\"><strong>Irene Tarico<\/strong><\/p>\n<p style=\"text-align: center;\"><strong>Investigadora comunitaria<\/strong><\/p>\n<p>[\/et_pb_text][\/et_pb_column][et_pb_column type=\u00bb2_3&#8243; _builder_version=\u00bb4.21.0&#8243; _module_preset=\u00bbdefault\u00bb global_colors_info=\u00bb{}\u00bb][et_pb_text _builder_version=\u00bb4.24.2&#8243; _module_preset=\u00bbdefault\u00bb text_font=\u00bbPoppins||||||||\u00bb text_font_size=\u00bb16px\u00bb text_line_height=\u00bb1.4em\u00bb global_colors_info=\u00bb{}\u00bb]<\/p>\n<p><strong>Como investigador comunitario, \u00bfpor qu\u00e9 crees que la investigaci\u00f3n comunitaria es tan importante?<\/strong><\/p>\n<p><span style=\"font-weight: 400;\">Es importante icluir a la comunidad para recopilar informaci\u00f3n, identificar las necesidades y comprender mejor los problemas que enfrenta. As\u00ed poder ayudar de manera favorable a mejorar la comunidad (Salud mental y f\u00edsica).<\/span><\/p>\n<p><strong>\u00bfQu\u00e9 impacto esperas que tenga este proyecto en la comunidad?<\/strong><\/p>\n<p><span style=\"font-weight: 400;\">Espero que tenga un efecto beneficioso y que traiga soluciones y alivio a sus necesidades. Que puedan tener esperanza y fe de que hay personas y lugares donde recurrir cuando lo necesiten.<\/span><\/p>\n<p>[\/et_pb_text][\/et_pb_column][\/et_pb_row][et_pb_row column_structure=\u00bb1_3,2_3&#8243; _builder_version=\u00bb4.21.0&#8243; _module_preset=\u00bbdefault\u00bb custom_margin=\u00bb40px|auto||auto||\u00bb global_colors_info=\u00bb{}\u00bb][et_pb_column type=\u00bb1_3&#8243; _builder_version=\u00bb4.21.0&#8243; _module_preset=\u00bbdefault\u00bb global_colors_info=\u00bb{}\u00bb][et_pb_image src=\u00bbhttps:\/\/sustentandoforsyth.org\/wp-content\/uploads\/2024\/04\/Screenshot-2024-04-25-at-3.47.59-PM.png\u00bb alt=\u00bbfoto de Lizbeth Raymundo\u00bb title_text=\u00bbCaptura de pantalla 2024-04-25 a las 15.47.59&#8243; _builder_version=\u00bb4.24.2&#8243; _module_preset=\u00bbdefault\u00bb filter_sepia=\u00bb100%\u00bb border_radii=\u00bbon|366px|366px|366px|366px\u00bb global_colors_info=\u00bb{}\u00bb][\/et_pb_image][et_pb_text _builder_version=\u00bb4.27.4&#8243; _module_preset=\u00bbdefault\u00bb text_font=\u00bbPoppins||||||||\u00bb text_text_color=\u00bb#7fbe4b\u00bb text_font_size=\u00bb26px\u00bb text_line_height=\u00bb1em\u00bb global_colors_info=\u00bb{}\u00bb]<\/p>\n<p style=\"text-align: center;\"><strong>Lizbeth Raymundo<\/strong><\/p>\n<p style=\"text-align: center;\"><strong>Investigadora comunitaria<\/strong><\/p>\n<p>[\/et_pb_text][\/et_pb_column][et_pb_column type=\u00bb2_3&#8243; _builder_version=\u00bb4.21.0&#8243; _module_preset=\u00bbdefault\u00bb global_colors_info=\u00bb{}\u00bb][et_pb_text _builder_version=\u00bb4.24.2&#8243; _module_preset=\u00bbdefault\u00bb text_font=\u00bbPoppins||||||||\u00bb text_font_size=\u00bb16px\u00bb text_line_height=\u00bb1.4em\u00bb global_colors_info=\u00bb{}\u00bb]<\/p>\n<p><strong>Como investigador comunitario, \u00bfpor qu\u00e9 crees que la investigaci\u00f3n comunitaria es tan importante?<\/strong><\/p>\n<p><span style=\"font-weight: 400;\">Nos permite saber de qu\u00e9 carece nuestra comunidad y qu\u00e9 necesita m\u00e1s apoyo.<\/span><\/p>\n<p><strong>\u00bfQu\u00e9 impacto esperas que tenga este proyecto en la comunidad?<\/strong><\/p>\n<p><span style=\"font-weight: 400;\">Espero que muestre la clara necesidad que tenemos de educarnos a nosotros mismos y a nuestra comunidad hispana sobre la salud mental y c\u00f3mo ver las luchas que conlleva, para dejar de tratarla como una broma.  <\/span><\/p>\n<p>[\/et_pb_text][\/et_pb_column][\/et_pb_row][\/et_pb_section]<\/p>\n","protected":false},"excerpt":{"rendered":"<p>Sustentando la Comunidad de ForsythEl ABC de las ACESustentando Forsyth (Nourishing Forsyth) es un proyecto dirigido por la comunidad encargado de comprender lo que la comunidad latina del condado de Forsyth, Carolina del Norte, sabe sobre las Experiencias Adversas en la Infancia (ECA) y su impacto en la edad adulta.\u00bfQu\u00e9 son las ACE y qu\u00e9 [&hellip;]<\/p>\n","protected":false},"author":0,"featured_media":0,"parent":0,"menu_order":0,"comment_status":"closed","ping_status":"closed","template":"","meta":{"_et_pb_use_builder":"on","_et_pb_old_content":"","_et_gb_content_width":"","_coblocks_attr":"","_coblocks_dimensions":"","_coblocks_responsive_height":"","_coblocks_accordion_ie_support":"","footnotes":""},"class_list":["post-182","page","type-page","status-publish","hentry"],"_links":{"self":[{"href":"https:\/\/sustentandoforsyth.org\/es\/wp-json\/wp\/v2\/pages\/182","targetHints":{"allow":["GET"]}}],"collection":[{"href":"https:\/\/sustentandoforsyth.org\/es\/wp-json\/wp\/v2\/pages"}],"about":[{"href":"https:\/\/sustentandoforsyth.org\/es\/wp-json\/wp\/v2\/types\/page"}],"replies":[{"embeddable":true,"href":"https:\/\/sustentandoforsyth.org\/es\/wp-json\/wp\/v2\/comments?post=182"}],"version-history":[{"count":15,"href":"https:\/\/sustentandoforsyth.org\/es\/wp-json\/wp\/v2\/pages\/182\/revisions"}],"predecessor-version":[{"id":260,"href":"https:\/\/sustentandoforsyth.org\/es\/wp-json\/wp\/v2\/pages\/182\/revisions\/260"}],"wp:attachment":[{"href":"https:\/\/sustentandoforsyth.org\/es\/wp-json\/wp\/v2\/media?parent=182"}],"curies":[{"name":"wp","href":"https:\/\/api.w.org\/{rel}","templated":true}]}}